{"id":19658,"date":"2020-09-24T16:11:25","date_gmt":"2020-09-24T16:11:25","guid":{"rendered":"https:\/\/zabalketa.org\/yo-creo-un-mundo-mejor\/"},"modified":"2023-02-08T13:06:25","modified_gmt":"2023-02-08T13:06:25","slug":"yo-creo-un-mundo-mejor","status":"publish","type":"page","link":"https:\/\/zabalketa.org\/eu\/yo-creo-un-mundo-mejor\/","title":{"rendered":"Yo creo un mundo mejor"},"content":{"rendered":"\n<h1>\n\t\tYO CREO UN MUNDO MEJOR\n\t<\/h1>\n<h1>\n\t\t&#8220;GAZTEEK MUNDU HOBEA SORTZEN DUTE&#8221;\n\t<\/h1>\n\tEspazio honetan kontatuko dizkizuegu Euskadin, Bolivian, Perun eta Filipinetan, gazteek egindako ekintzak.<br \/>\nBadaude, besteak beste, basoberritzearekin, pertsona nagusiekin, lehenengo sorospenekin eta abarrekin lotutako ekintzak.\n\t\t\t\t\t\t\t\t\t\t\t\t\t\t<a href=\"https:\/\/zabalketa.org\/eu\/jovenes-de-euskadi-se-suman-a-la-huelga-climatica-global\/\" target=\"_self\" title=\"Euskadiko gazteek bat egiten dute klima-greba globalarekin\" rel=\"noopener\">\n\t\t\t\t<img decoding=\"async\" src=\"https:\/\/zabalketa.org\/wp-content\/uploads\/bb-plugin\/cache\/WhatsApp-Image-2022-09-26-at-08.19.04_red-custom_crop.jpeg\" alt=\"\" \/>\n\t\t\t\t<\/a>\n\t\t\t\t\t\t<h3>\n\t\t\t\t<a href=https:\/\/zabalketa.org\/eu\/jovenes-de-euskadi-se-suman-a-la-huelga-climatica-global\/ title=\"Euskadiko gazteek bat egiten dute klima-greba globalarekin\" tabindex=\"0\">Euskadiko gazteek bat egiten dute klima-greba globalarekin<\/a>\t\t\t<\/h3>\n\t\t\t\t\t\t\t\tEgibideko Lanbide Heziketako ikasleek eta Gasteizko beste ikastetxe batzuetako ikasleek klima aldaketaren aurkako manifestazioan parte hartu dute, gizarteak, enpresek eta gobernuek premiazko akzioa aldarrikatzeko. Mobilizazio horrekin bat egin zuten mundu &#8230;\n\t\t\t\t\t\t\t\t\t\t\t\t\t\t<a href=\"https:\/\/zabalketa.org\/eu\/elizabeth-eta-indarkeriarik-gabeko-bizitza\/\" target=\"_self\" title=\"Elizabeth eta indarkeriarik gabeko bizitza\" rel=\"noopener\">\n\t\t\t\t<img decoding=\"async\" src=\"https:\/\/zabalketa.org\/wp-content\/uploads\/bb-plugin\/cache\/Portada_Elizabeth-custom_crop.png\" alt=\"\" \/>\n\t\t\t\t<\/a>\n\t\t\t\t\t\t<h3>\n\t\t\t\t<a href=https:\/\/zabalketa.org\/eu\/elizabeth-eta-indarkeriarik-gabeko-bizitza\/ title=\"Elizabeth eta indarkeriarik gabeko bizitza\" tabindex=\"0\">Elizabeth eta indarkeriarik gabeko bizitza<\/a>\t\t\t<\/h3>\n\t\t\t\t\t\t\t\tLeire Zamorak, Ignacio Lizarragak, Lucas Alfonsok, Josu Fradejasek eta Liane Zamorak, beste ikaskide batzuekin eta irakasleen laguntzarekin, haurrentzako ipuin hau sortu dute, emakumeeek eta gizonek beldurrik, derrigortzerik eta indarkeriarik gabeko &#8230;\n\t\t\t\t\t\t\t\t\t\t\t\t\t\t<a href=\"https:\/\/zabalketa.org\/eu\/nayra-ur-garbiaren-defendatzailea-bolivian\/\" target=\"_self\" title=\"Nayra, ur garbiaren defendatzailea Bolivian\" rel=\"noopener\">\n\t\t\t\t<img decoding=\"async\" src=\"https:\/\/zabalketa.org\/wp-content\/uploads\/bb-plugin\/cache\/Cubierta-Libro-Nayra-custom_crop.png\" alt=\"\" \/>\n\t\t\t\t<\/a>\n\t\t\t\t\t\t<h3>\n\t\t\t\t<a href=https:\/\/zabalketa.org\/eu\/nayra-ur-garbiaren-defendatzailea-bolivian\/ title=\"Nayra, ur garbiaren defendatzailea Bolivian\" tabindex=\"0\">Nayra, ur garbiaren defendatzailea Bolivian<\/a>\t\t\t<\/h3>\n\t\t\t\t\t\t\t\tUnai C\u00edtores eta Ane Llamosasek, &#8220;Ingurumenaren Hezkuntza eta Kontrol&#8221; izeneko Goi Mailako Lanbide Heziketako ikasleek, Boliviako Valles Cruce\u00f1osetako landa komunitateetan uraren zaintza sustatzeko haurrentzako ipuin bat sortu dute. Horretarako, lehenik &#8230;\n\t\t\t\t\t\t\t\t\t\t\t\t\t\t<a href=\"https:\/\/zabalketa.org\/eu\/conociendo-a-las-mujeres-rurales-de-bizkaia\/\" target=\"_self\" title=\"Bizkaiko landa-eremuko emakumeak ezagutuz\" rel=\"noopener\">\n\t\t\t\t<img decoding=\"async\" src=\"https:\/\/zabalketa.org\/wp-content\/uploads\/bb-plugin\/cache\/elaboracion-de-pasta-1-custom_crop.jpg\" alt=\"\" \/>\n\t\t\t\t<\/a>\n\t\t\t\t\t\t<h3>\n\t\t\t\t<a href=https:\/\/zabalketa.org\/eu\/conociendo-a-las-mujeres-rurales-de-bizkaia\/ title=\"Bizkaiko landa-eremuko emakumeak ezagutuz\" tabindex=\"0\">Bizkaiko landa-eremuko emakumeak ezagutuz<\/a>\t\t\t<\/h3>\n\t\t\t\t\t\t\t\tUrriaren 15ean Landa Eremuko Emakumeen Nazioarteko Eguna da. Horregatik, hilabete horretan zehar gure gazteen artean ezagutzera emango ditugu gure inguruko landa-eremuko emakume batzuk, Bizkaiko Foru Aldundiaren laguntzan garatzen dugun &#8220;Beti &#8230;\n\t\t\t\t\t\t\t\t\t\t\t\t\t\t<a href=\"https:\/\/zabalketa.org\/eu\/primeros-auxilios\/\" target=\"_self\" title=\"Lehen sorospenak\" rel=\"noopener\">\n\t\t\t\t<img decoding=\"async\" src=\"https:\/\/zabalketa.org\/wp-content\/uploads\/bb-plugin\/cache\/tiritikin-1-custom_crop.jpg\" alt=\"\" \/>\n\t\t\t\t<\/a>\n\t\t\t\t\t\t<h3>\n\t\t\t\t<a href=https:\/\/zabalketa.org\/eu\/primeros-auxilios\/ title=\"Lehen sorospenak\" tabindex=\"0\">Lehen sorospenak<\/a>\t\t\t<\/h3>\n\t\t\t\t\t\t\t\t2019-2020 ikasturtean zehar, pandemia iragarri eta konfinatu baino lehen, EASO Politeknikoa de Donostia &#8220;Osasun Larrialdiak&#8221; lanbide heziketako zikloko ikasle eta irakasleek lan bikaina burutu ahal izan zuten. Motibazioz eta ilusioz &#8230;\n\t\t\t\t\t\t\t\t\t\t\t\t\t\t<a href=\"https:\/\/zabalketa.org\/eu\/la-juventud-de-getxo-se-suma-a-la-vi-gran-limpieza-internacional-de-fondos-marinos\/\" target=\"_self\" title=\"Itsas hondoen nazioarteko VI. garbiketa handiarekin bat egin du Getxoko gazteriak\" rel=\"noopener\">\n\t\t\t\t<img decoding=\"async\" src=\"https:\/\/zabalketa.org\/wp-content\/uploads\/bb-plugin\/cache\/limpieza-playas-getxo-1-custom_crop.jpg\" alt=\"\" \/>\n\t\t\t\t<\/a>\n\t\t\t\t\t\t<h3>\n\t\t\t\t<a href=https:\/\/zabalketa.org\/eu\/la-juventud-de-getxo-se-suma-a-la-vi-gran-limpieza-internacional-de-fondos-marinos\/ title=\"Itsas hondoen nazioarteko VI. garbiketa handiarekin bat egin du Getxoko gazteriak\" tabindex=\"0\">Itsas hondoen nazioarteko VI. garbiketa handiarekin bat egin du Getxoko gazteriak<\/a>\t\t\t<\/h3>\n\t\t\t\t\t\t\t\tJoan den zapatuan, irailak 26, Algortako Guregune eta Romoko Gauegun Gaztelekuek bat egin zuten Itsas Hondoen Nazioarteko VI. Garbiketa Handiarekin, Itsas Zaindarien Sareak antolatua. Jarduera hori &#8220;Beti Berdea Bizkaia Maitea&#8221; &#8230;\n\t\t\t\t\t\t\t\t\t\t\t\t\t\t<a href=\"https:\/\/zabalketa.org\/eu\/reclamando-la-accion-global-por-el-clima\/\" target=\"_self\" title=\"Klimaren aldeko ekintza globala aldarrikatuz\" rel=\"noopener\">\n\t\t\t\t<img decoding=\"async\" src=\"https:\/\/zabalketa.org\/wp-content\/uploads\/bb-plugin\/cache\/25-septiembre-clima-1-custom_crop.jpg\" alt=\"\" \/>\n\t\t\t\t<\/a>\n\t\t\t\t\t\t<h3>\n\t\t\t\t<a href=https:\/\/zabalketa.org\/eu\/reclamando-la-accion-global-por-el-clima\/ title=\"Klimaren aldeko ekintza globala aldarrikatuz\" tabindex=\"0\">Klimaren aldeko ekintza globala aldarrikatuz<\/a>\t\t\t<\/h3>\n\t\t\t\t\t\t\t\tEl 25 de septiembre, el alumnado del ciclo formativo de FP Educaci\u00f3n y Control Ambiental de Egibide, en Vitoria-Gasteiz, sali\u00f3 a la calle para sensibilizar a la sociedad sobre la &#8230;\n\t\t\t\t\t\t\t\t\t\t\t\t\t\t<a href=\"https:\/\/zabalketa.org\/eu\/beti-berdea-bizkaia-maitea-aisialdian-ere-gure-mundua-zaintzen-dugu\/\" target=\"_self\" Berdea Bizkaia rel=\"noopener\">\n\t\t\t\t<img decoding=\"async\" src=\"https:\/\/zabalketa.org\/wp-content\/uploads\/bb-plugin\/cache\/Yocreo1_foto1-custom_crop.jpg\" alt=\"\" \/>\n\t\t\t\t<\/a>\n\t\t\t\t\t\t<h3>\n\t\t\t\t<a href=https:\/\/zabalketa.org\/eu\/beti-berdea-bizkaia-maitea-aisialdian-ere-gure-mundua-zaintzen-dugu\/ title=\"\"Beti Berdea Bizkaia Maitea\", aisialdian ere gure mundua zaintzen dugu\" tabindex=\"0\">&#8220;Beti Berdea Bizkaia Maitea&#8221;, aisialdian ere gure mundua zaintzen dugu<\/a>\t\t\t<\/h3>\n\t\t\t\t\t\t\t\tBizkaiko 5 aisia elkarte ari dira parte hartzen &#8220;BETI BERDEA, BIZKAIA MAITEA&#8221; izeneko ingurumen hezkuntzako proiektuan. Zabalketa Bizkaiko Foru Aldundiaren eta Kiribil Sarearen laguntzaz ari da proiektu hori garatzen. Getxoko &#8230;\n\t\t\t\t\t\t\t\t\t\t\t\t\t\t<a href=\"https:\/\/zabalketa.org\/eu\/rescatando-del-pasado-y-proyectandonos-al-futuro-dialogo-intergeneracional-en-torno-a-los-ods\/\" target=\"_self\" berreskuratuz eta etorkizunerantz garapen jasangarriko helburuei buruzko belaunaldiarteko rel=\"noopener\">\n\t\t\t\t<img decoding=\"async\" src=\"https:\/\/zabalketa.org\/wp-content\/uploads\/bb-plugin\/cache\/World-Cafe_2-custom_crop.jpg\" alt=\"\" \/>\n\t\t\t\t<\/a>\n\t\t\t\t\t\t<h3>\n\t\t\t\t<a href=https:\/\/zabalketa.org\/eu\/rescatando-del-pasado-y-proyectandonos-al-futuro-dialogo-intergeneracional-en-torno-a-los-ods\/ title=\"\"Iraganetik berreskuratuz eta etorkizunerantz proiektatuz, garapen jasangarriko helburuei buruzko belaunaldiarteko elkarrizketa\"\" tabindex=\"0\">&#8220;Iraganetik berreskuratuz eta etorkizunerantz proiektatuz, garapen jasangarriko helburuei buruzko belaunaldiarteko elkarrizketa&#8221;<\/a>\t\t\t<\/h3>\n\t\t\t\t\t\t\t\tEl pasado 21 de febrero de 2019, se llev\u00f3 a cabo un World Caf\u00e9 Intergeneracional en el Pabell\u00f3n Universitario del Campus de \u00c1lava, de la Universidad P\u00fablica de Euskadi UPV\/EHU. &#8230;\n\t\t\t\t\t\t\t\t\t\t\t\t\t\t<a href=\"https:\/\/zabalketa.org\/eu\/defendemos-la-educacion-sostenemos-el-mundo\/\" target=\"_self\" title=\"&#8220;Defendemos la educaci\u00f3n, sostenemos el mundo&#8221;\" rel=\"noopener\">\n\t\t\t\t<img decoding=\"async\" src=\"https:\/\/zabalketa.org\/wp-content\/uploads\/bb-plugin\/cache\/SAME_1-custom_crop.jpg\" alt=\"\" \/>\n\t\t\t\t<\/a>\n\t\t\t\t\t\t<h3>\n\t\t\t\t<a href=https:\/\/zabalketa.org\/eu\/defendemos-la-educacion-sostenemos-el-mundo\/ title=\"&#8220;Defendemos la educaci\u00f3n, sostenemos el mundo&#8221;\" tabindex=\"0\">&#8220;Defendemos la educaci\u00f3n, sostenemos el mundo&#8221;<\/a>\t\t\t<\/h3>\n\t\t\t\t\t\t\t\t2005az geroztik egiten den Hezkuntzaren Mundu Kanpainaren baitan, ingurumenaren degradazioaren aurka eta gizarte nahiz ingurumen eredu jasangarri baterako eraldaketaren alde hezkuntzak izan dezakeen eta izan behar duen funtsezko rola ikusarazi &#8230;\n\t\t\t\t\t\t\t\t\t\t\t\t\t\t<a href=\"https:\/\/zabalketa.org\/eu\/estudiantes-de-secundaria-y-el-ayuntamiento-de-vallegrande-se-unen-para-mejorar-la-gestion-de-las-basuras\/\" target=\"_self\" title=\"Bigarren hezkuntzako ikasleak eta Vallegrandeko udala zaborren kudeaketa hobetzeko batu dira\" rel=\"noopener\">\n\t\t\t\t<img decoding=\"async\" src=\"https:\/\/zabalketa.org\/wp-content\/uploads\/bb-plugin\/cache\/estudiantes-vallegrande-custom_crop.jpg\" alt=\"\" \/>\n\t\t\t\t<\/a>\n\t\t\t\t\t\t<h3>\n\t\t\t\t<a href=https:\/\/zabalketa.org\/eu\/estudiantes-de-secundaria-y-el-ayuntamiento-de-vallegrande-se-unen-para-mejorar-la-gestion-de-las-basuras\/ title=\"Bigarren hezkuntzako ikasleak eta Vallegrandeko udala zaborren kudeaketa hobetzeko batu dira\" tabindex=\"0\">Bigarren hezkuntzako ikasleak eta Vallegrandeko udala zaborren kudeaketa hobetzeko batu dira<\/a>\t\t\t<\/h3>\n\t\t\t\t\t\t\t\tEstudiantes de los colegios Liceo Isabel Villegas Mariscal y Monse\u00f1or Julio Terrazas, consiguen el apoyo del \u00f3rgano legislativo y ejecutivo del municipio de Vallegrande, para ejecutar sus propuestas ambientales. A &#8230;\n\n","protected":false},"excerpt":{"rendered":"<div class=\"entry-summary\">\n<div class=\"entry-summary\">\nSomos una ONGD que ponemos a cada persona y su dignidad en el centro de nuestro trabajo para lograr un mundo sostenible, m\u00e1s justo y solidario. Apostamos por estrategias de trabajo estables, que produzcan un impacto real en la vida de las personas y de las comunidades\n<\/div>\n<div class=\"link-more\"><a href=\"https:\/\/zabalketa.org\/eu\/yo-creo-un-mundo-mejor\/\" class=\"more-link\">Irakurtzen jarraitu<\/a><\/div>\n<\/div>\n<div class=\"link-more\"><a href=\"https:\/\/zabalketa.org\/eu\/yo-creo-un-mundo-mejor\/\" class=\"more-link\">Irakurtzen jarraitu<\/a><\/div>\n","protected":false},"author":1,"featured_media":0,"parent":0,"menu_order":0,"comment_status":"closed","ping_status":"closed","template":"","meta":{"_acf_changed":false,"footnotes":""},"class_list":["post-19658","page","type-page","status-publish","hentry","entry"],"acf":[],"yoast_head":"<!-- This site is optimized with the Yoast SEO plugin v27.8 - https:\/\/yoast.com\/product\/yoast-seo-wordpress\/ -->\n<title>Yo creo un mundo mejor - Zabalketa<\/title>\n<meta name=\"robots\" content=\"index, follow, max-snippet:-1, max-image-preview:large, max-video-preview:-1\" \/>\n<link rel=\"canonical\" href=\"https:\/\/zabalketa.org\/eu\/yo-creo-un-mundo-mejor\/\" \/>\n<meta property=\"og:locale\" content=\"en_US\" \/>\n<meta property=\"og:type\" content=\"article\" \/>\n<meta property=\"og:title\" content=\"Yo creo un mundo mejor - Zabalketa\" \/>\n<meta property=\"og:description\" content=\"Somos una ONGD que ponemos a cada persona y su dignidad en el centro de nuestro trabajo para lograr un mundo sostenible, m\u00e1s justo y solidario. Apostamos por estrategias de trabajo estables, que produzcan un impacto real en la vida de las personas y de las comunidades Irakurtzen jarraitu\" \/>\n<meta property=\"og:url\" content=\"https:\/\/zabalketa.org\/eu\/yo-creo-un-mundo-mejor\/\" \/>\n<meta property=\"og:site_name\" content=\"Zabalketa\" \/>\n<meta property=\"article:modified_time\" content=\"2023-02-08T13:06:25+00:00\" \/>\n<meta property=\"og:image\" content=\"https:\/\/zabalketa.org\/wp-content\/uploads\/bb-plugin\/cache\/WhatsApp-Image-2022-09-26-at-08.19.04_red-custom_crop.jpeg\" \/>\n<meta name=\"twitter:card\" content=\"summary_large_image\" \/>\n<meta name=\"twitter:label1\" content=\"Est. reading time\" \/>\n\t<meta name=\"twitter:data1\" content=\"2 minutua\" \/>\n<script type=\"application\/ld+json\" class=\"yoast-schema-graph\">{\"@context\":\"https:\\\/\\\/schema.org\",\"@graph\":[{\"@type\":\"WebPage\",\"@id\":\"https:\\\/\\\/zabalketa.org\\\/eu\\\/yo-creo-un-mundo-mejor\\\/\",\"url\":\"https:\\\/\\\/zabalketa.org\\\/eu\\\/yo-creo-un-mundo-mejor\\\/\",\"name\":\"Yo creo un mundo mejor - Zabalketa\",\"isPartOf\":{\"@id\":\"https:\\\/\\\/zabalketa.org\\\/#website\"},\"primaryImageOfPage\":{\"@id\":\"https:\\\/\\\/zabalketa.org\\\/eu\\\/yo-creo-un-mundo-mejor\\\/#primaryimage\"},\"image\":{\"@id\":\"https:\\\/\\\/zabalketa.org\\\/eu\\\/yo-creo-un-mundo-mejor\\\/#primaryimage\"},\"thumbnailUrl\":\"https:\\\/\\\/zabalketa.org\\\/wp-content\\\/uploads\\\/bb-plugin\\\/cache\\\/WhatsApp-Image-2022-09-26-at-08.19.04_red-custom_crop.jpeg\",\"datePublished\":\"2020-09-24T16:11:25+00:00\",\"dateModified\":\"2023-02-08T13:06:25+00:00\",\"breadcrumb\":{\"@id\":\"https:\\\/\\\/zabalketa.org\\\/eu\\\/yo-creo-un-mundo-mejor\\\/#breadcrumb\"},\"inLanguage\":\"eu\",\"potentialAction\":[{\"@type\":\"ReadAction\",\"target\":[\"https:\\\/\\\/zabalketa.org\\\/eu\\\/yo-creo-un-mundo-mejor\\\/\"]}]},{\"@type\":\"ImageObject\",\"inLanguage\":\"eu\",\"@id\":\"https:\\\/\\\/zabalketa.org\\\/eu\\\/yo-creo-un-mundo-mejor\\\/#primaryimage\",\"url\":\"https:\\\/\\\/zabalketa.org\\\/wp-content\\\/uploads\\\/bb-plugin\\\/cache\\\/WhatsApp-Image-2022-09-26-at-08.19.04_red-custom_crop.jpeg\",\"contentUrl\":\"https:\\\/\\\/zabalketa.org\\\/wp-content\\\/uploads\\\/bb-plugin\\\/cache\\\/WhatsApp-Image-2022-09-26-at-08.19.04_red-custom_crop.jpeg\"},{\"@type\":\"BreadcrumbList\",\"@id\":\"https:\\\/\\\/zabalketa.org\\\/eu\\\/yo-creo-un-mundo-mejor\\\/#breadcrumb\",\"itemListElement\":[{\"@type\":\"ListItem\",\"position\":1,\"name\":\"Portada\",\"item\":\"https:\\\/\\\/zabalketa.org\\\/eu\\\/\"},{\"@type\":\"ListItem\",\"position\":2,\"name\":\"Yo creo un mundo mejor\"}]},{\"@type\":\"WebSite\",\"@id\":\"https:\\\/\\\/zabalketa.org\\\/#website\",\"url\":\"https:\\\/\\\/zabalketa.org\\\/\",\"name\":\"Zabalketa\",\"description\":\"Desde 1991 un compromiso solidario\",\"publisher\":{\"@id\":\"https:\\\/\\\/zabalketa.org\\\/#organization\"},\"potentialAction\":[{\"@type\":\"SearchAction\",\"target\":{\"@type\":\"EntryPoint\",\"urlTemplate\":\"https:\\\/\\\/zabalketa.org\\\/?s={search_term_string}\"},\"query-input\":{\"@type\":\"PropertyValueSpecification\",\"valueRequired\":true,\"valueName\":\"search_term_string\"}}],\"inLanguage\":\"eu\"},{\"@type\":\"Organization\",\"@id\":\"https:\\\/\\\/zabalketa.org\\\/#organization\",\"name\":\"Zabalketa\",\"url\":\"https:\\\/\\\/zabalketa.org\\\/\",\"logo\":{\"@type\":\"ImageObject\",\"inLanguage\":\"eu\",\"@id\":\"https:\\\/\\\/zabalketa.org\\\/#\\\/schema\\\/logo\\\/image\\\/\",\"url\":\"https:\\\/\\\/zabalketa.org\\\/wp-content\\\/uploads\\\/2020\\\/09\\\/zabalketa-logo.png\",\"contentUrl\":\"https:\\\/\\\/zabalketa.org\\\/wp-content\\\/uploads\\\/2020\\\/09\\\/zabalketa-logo.png\",\"width\":276,\"height\":40,\"caption\":\"Zabalketa\"},\"image\":{\"@id\":\"https:\\\/\\\/zabalketa.org\\\/#\\\/schema\\\/logo\\\/image\\\/\"}}]}<\/script>\n<!-- \/ Yoast SEO plugin. -->","yoast_head_json":{"title":"Yo creo un mundo mejor - Zabalketa","robots":{"index":"index","follow":"follow","max-snippet":"max-snippet:-1","max-image-preview":"max-image-preview:large","max-video-preview":"max-video-preview:-1"},"canonical":"https:\/\/zabalketa.org\/eu\/yo-creo-un-mundo-mejor\/","og_locale":"en_US","og_type":"article","og_title":"Yo creo un mundo mejor - Zabalketa","og_description":"Somos una ONGD que ponemos a cada persona y su dignidad en el centro de nuestro trabajo para lograr un mundo sostenible, m\u00e1s justo y solidario. Apostamos por estrategias de trabajo estables, que produzcan un impacto real en la vida de las personas y de las comunidades Irakurtzen jarraitu","og_url":"https:\/\/zabalketa.org\/eu\/yo-creo-un-mundo-mejor\/","og_site_name":"Zabalketa","article_modified_time":"2023-02-08T13:06:25+00:00","og_image":[{"url":"https:\/\/zabalketa.org\/wp-content\/uploads\/bb-plugin\/cache\/WhatsApp-Image-2022-09-26-at-08.19.04_red-custom_crop.jpeg","type":"","width":"","height":""}],"twitter_card":"summary_large_image","twitter_misc":{"Est. reading time":"2 minutua"},"schema":{"@context":"https:\/\/schema.org","@graph":[{"@type":"WebPage","@id":"https:\/\/zabalketa.org\/eu\/yo-creo-un-mundo-mejor\/","url":"https:\/\/zabalketa.org\/eu\/yo-creo-un-mundo-mejor\/","name":"Yo creo un mundo mejor - Zabalketa","isPartOf":{"@id":"https:\/\/zabalketa.org\/#website"},"primaryImageOfPage":{"@id":"https:\/\/zabalketa.org\/eu\/yo-creo-un-mundo-mejor\/#primaryimage"},"image":{"@id":"https:\/\/zabalketa.org\/eu\/yo-creo-un-mundo-mejor\/#primaryimage"},"thumbnailUrl":"https:\/\/zabalketa.org\/wp-content\/uploads\/bb-plugin\/cache\/WhatsApp-Image-2022-09-26-at-08.19.04_red-custom_crop.jpeg","datePublished":"2020-09-24T16:11:25+00:00","dateModified":"2023-02-08T13:06:25+00:00","breadcrumb":{"@id":"https:\/\/zabalketa.org\/eu\/yo-creo-un-mundo-mejor\/#breadcrumb"},"inLanguage":"eu","potentialAction":[{"@type":"ReadAction","target":["https:\/\/zabalketa.org\/eu\/yo-creo-un-mundo-mejor\/"]}]},{"@type":"ImageObject","inLanguage":"eu","@id":"https:\/\/zabalketa.org\/eu\/yo-creo-un-mundo-mejor\/#primaryimage","url":"https:\/\/zabalketa.org\/wp-content\/uploads\/bb-plugin\/cache\/WhatsApp-Image-2022-09-26-at-08.19.04_red-custom_crop.jpeg","contentUrl":"https:\/\/zabalketa.org\/wp-content\/uploads\/bb-plugin\/cache\/WhatsApp-Image-2022-09-26-at-08.19.04_red-custom_crop.jpeg"},{"@type":"BreadcrumbList","@id":"https:\/\/zabalketa.org\/eu\/yo-creo-un-mundo-mejor\/#breadcrumb","itemListElement":[{"@type":"ListItem","position":1,"name":"Portada","item":"https:\/\/zabalketa.org\/eu\/"},{"@type":"ListItem","position":2,"name":"Yo creo un mundo mejor"}]},{"@type":"WebSite","@id":"https:\/\/zabalketa.org\/#website","url":"https:\/\/zabalketa.org\/","name":"Zabalketa","description":"Desde 1991 un compromiso solidario","publisher":{"@id":"https:\/\/zabalketa.org\/#organization"},"potentialAction":[{"@type":"SearchAction","target":{"@type":"EntryPoint","urlTemplate":"https:\/\/zabalketa.org\/?s={search_term_string}"},"query-input":{"@type":"PropertyValueSpecification","valueRequired":true,"valueName":"search_term_string"}}],"inLanguage":"eu"},{"@type":"Organization","@id":"https:\/\/zabalketa.org\/#organization","name":"Zabalketa","url":"https:\/\/zabalketa.org\/","logo":{"@type":"ImageObject","inLanguage":"eu","@id":"https:\/\/zabalketa.org\/#\/schema\/logo\/image\/","url":"https:\/\/zabalketa.org\/wp-content\/uploads\/2020\/09\/zabalketa-logo.png","contentUrl":"https:\/\/zabalketa.org\/wp-content\/uploads\/2020\/09\/zabalketa-logo.png","width":276,"height":40,"caption":"Zabalketa"},"image":{"@id":"https:\/\/zabalketa.org\/#\/schema\/logo\/image\/"}}]}},"_links":{"self":[{"href":"https:\/\/zabalketa.org\/eu\/wp-json\/wp\/v2\/pages\/19658","targetHints":{"allow":["GET"]}}],"collection":[{"href":"https:\/\/zabalketa.org\/eu\/wp-json\/wp\/v2\/pages"}],"about":[{"href":"https:\/\/zabalketa.org\/eu\/wp-json\/wp\/v2\/types\/page"}],"author":[{"embeddable":true,"href":"https:\/\/zabalketa.org\/eu\/wp-json\/wp\/v2\/users\/1"}],"replies":[{"embeddable":true,"href":"https:\/\/zabalketa.org\/eu\/wp-json\/wp\/v2\/comments?post=19658"}],"version-history":[{"count":0,"href":"https:\/\/zabalketa.org\/eu\/wp-json\/wp\/v2\/pages\/19658\/revisions"}],"wp:attachment":[{"href":"https:\/\/zabalketa.org\/eu\/wp-json\/wp\/v2\/media?parent=19658"}],"curies":[{"name":"wp","href":"https:\/\/api.w.org\/{rel}","templated":true}]}}